{"id":3641,"date":"2022-03-30T11:03:38","date_gmt":"2022-03-30T09:03:38","guid":{"rendered":"https:\/\/obiektywnaphotography.pl\/?page_id=3641"},"modified":"2024-12-09T20:48:27","modified_gmt":"2024-12-09T19:48:27","slug":"galeria-2","status":"publish","type":"page","link":"https:\/\/obiektywnaphotography.pl\/index.php\/galeria-2\/","title":{"rendered":"Galeria"},"content":{"rendered":"\t\t<div data-elementor-type=\"wp-page\" data-elementor-id=\"3641\" class=\"elementor elementor-3641\" data-elementor-settings=\"[]\">\n\t\t\t\t\t\t\t<div class=\"elementor-section-wrap\">\n\t\t\t\t\t\t\t<section class=\"elementor-section elementor-top-section elementor-element elementor-element-094af3c elementor-section-boxed elementor-section-height-default elementor-section-height-default\" data-id=\"094af3c\" data-element_type=\"section\" data-settings=\"{&quot;background_background&quot;:&quot;classic&quot;}\">\n\t\t\t\t\t\t\t<div class=\"elementor-background-overlay\"><\/div>\n\t\t\t\t\t\t\t<div class=\"elementor-container elementor-column-gap-default\">\n\t\t\t\t\t<div class=\"elementor-column elementor-col-100 elementor-top-column elementor-element elementor-element-6b046d6\" data-id=\"6b046d6\" data-element_type=\"column\">\n\t\t\t<div class=\"elementor-widget-wrap elementor-element-populated\">\n\t\t\t\t\t\t\t\t<div class=\"elementor-element elementor-element-8da095d elementor-widget elementor-widget-heading\" data-id=\"8da095d\" data-element_type=\"widget\" data-widget_type=\"heading.default\">\n\t\t\t\t<div class=\"elementor-widget-container\">\n\t\t\t<style>\/*! elementor - v3.5.6 - 28-02-2022 *\/\n.elementor-heading-title{padding:0;margin:0;line-height:1}.elementor-widget-heading .elementor-heading-title[class*=elementor-size-]>a{color:inherit;font-size:inherit;line-height:inherit}.elementor-widget-heading .elementor-heading-title.elementor-size-small{font-size:15px}.elementor-widget-heading .elementor-heading-title.elementor-size-medium{font-size:19px}.elementor-widget-heading .elementor-heading-title.elementor-size-large{font-size:29px}.elementor-widget-heading .elementor-heading-title.elementor-size-xl{font-size:39px}.elementor-widget-heading .elementor-heading-title.elementor-size-xxl{font-size:59px}<\/style><h1 class=\"elementor-heading-title elementor-size-default\">GALERIA<\/h1>\t\t<\/div>\n\t\t\t\t<\/div>\n\t\t\t\t<div class=\"elementor-element elementor-element-948496e elementor-widget elementor-widget-text-editor\" data-id=\"948496e\" data-element_type=\"widget\" data-widget_type=\"text-editor.default\">\n\t\t\t\t<div class=\"elementor-widget-container\">\n\t\t\t<style>\/*! elementor - v3.5.6 - 28-02-2022 *\/\n.elementor-widget-text-editor.elementor-drop-cap-view-stacked .elementor-drop-cap{background-color:#818a91;color:#fff}.elementor-widget-text-editor.elementor-drop-cap-view-framed .elementor-drop-cap{color:#818a91;border:3px solid;background-color:transparent}.elementor-widget-text-editor:not(.elementor-drop-cap-view-default) .elementor-drop-cap{margin-top:8px}.elementor-widget-text-editor:not(.elementor-drop-cap-view-default) .elementor-drop-cap-letter{width:1em;height:1em}.elementor-widget-text-editor .elementor-drop-cap{float:left;text-align:center;line-height:1;font-size:50px}.elementor-widget-text-editor .elementor-drop-cap-letter{display:inline-block}<\/style>\t\t\t\t<p>Poni\u017cej znajdziesz linki do ca\u0142ego mojego portfolio. Zapraszam serdecznie do ogl\u0105dania!<\/p>\t\t\t\t\t\t<\/div>\n\t\t\t\t<\/div>\n\t\t\t\t\t<\/div>\n\t\t<\/div>\n\t\t\t\t\t\t\t<\/div>\n\t\t<\/section>\n\t\t\t\t<section class=\"elementor-section elementor-top-section elementor-element elementor-element-29835de elementor-section-boxed elementor-section-height-default elementor-section-height-default\" data-id=\"29835de\" data-element_type=\"section\" data-settings=\"{&quot;background_background&quot;:&quot;classic&quot;}\">\n\t\t\t\t\t\t<div class=\"elementor-container elementor-column-gap-no\">\n\t\t\t\t\t<div class=\"elementor-column elementor-col-100 elementor-top-column elementor-element elementor-element-48938c0\" data-id=\"48938c0\" data-element_type=\"column\">\n\t\t\t<div class=\"elementor-widget-wrap elementor-element-populated\">\n\t\t\t\t\t\t\t\t<div class=\"elementor-element elementor-element-a48ce5c elementor-widget elementor-widget-heading\" data-id=\"a48ce5c\" data-element_type=\"widget\" data-widget_type=\"heading.default\">\n\t\t\t\t<div class=\"elementor-widget-container\">\n\t\t\t<h2 class=\"elementor-heading-title elementor-size-default\"><a href=\"https:\/\/obiektywnaphotography.pl\/index.php\/galeria-reportaz-slubny\/\">REPORTA\u017b \u015aLUBNY<\/a><\/h2>\t\t<\/div>\n\t\t\t\t<\/div>\n\t\t\t\t<div class=\"elementor-element elementor-element-c69ff79 elementor-widget elementor-widget-heading\" data-id=\"c69ff79\" data-element_type=\"widget\" data-widget_type=\"heading.default\">\n\t\t\t\t<div class=\"elementor-widget-container\">\n\t\t\t<h2 class=\"elementor-heading-title elementor-size-default\"><a href=\"https:\/\/obiektywnaphotography.pl\/index.php\/galeria-komunia-swieta\/\">KOMUNIA \u015aWI\u0118TA<\/a><\/h2>\t\t<\/div>\n\t\t\t\t<\/div>\n\t\t\t\t<div class=\"elementor-element elementor-element-62f5690 elementor-widget elementor-widget-heading\" data-id=\"62f5690\" data-element_type=\"widget\" data-widget_type=\"heading.default\">\n\t\t\t\t<div class=\"elementor-widget-container\">\n\t\t\t<h2 class=\"elementor-heading-title elementor-size-default\"><a href=\"https:\/\/obiektywnaphotography.pl\/index.php\/galeria-chrzest-swiety\/\">CHRZEST \u015aWI\u0118TY<\/a><\/h2>\t\t<\/div>\n\t\t\t\t<\/div>\n\t\t\t\t<div class=\"elementor-element elementor-element-639b12b elementor-widget elementor-widget-heading\" data-id=\"639b12b\" data-element_type=\"widget\" data-widget_type=\"heading.default\">\n\t\t\t\t<div class=\"elementor-widget-container\">\n\t\t\t<h2 class=\"elementor-heading-title elementor-size-default\"><a href=\"https:\/\/obiektywnaphotography.pl\/index.php\/galeria-sesje-dzieciece\/\">DZIECI\u0118CE<\/a><\/h2>\t\t<\/div>\n\t\t\t\t<\/div>\n\t\t\t\t<div class=\"elementor-element elementor-element-5f3e21b elementor-widget elementor-widget-heading\" data-id=\"5f3e21b\" data-element_type=\"widget\" data-widget_type=\"heading.default\">\n\t\t\t\t<div class=\"elementor-widget-container\">\n\t\t\t<h2 class=\"elementor-heading-title elementor-size-default\"><a href=\"https:\/\/obiektywnaphotography.pl\/index.php\/sesje-rodzinne-2\/\">RODZINNE<\/a><\/h2>\t\t<\/div>\n\t\t\t\t<\/div>\n\t\t\t\t<div class=\"elementor-element elementor-element-fb80094 elementor-widget elementor-widget-heading\" data-id=\"fb80094\" data-element_type=\"widget\" data-widget_type=\"heading.default\">\n\t\t\t\t<div class=\"elementor-widget-container\">\n\t\t\t<h2 class=\"elementor-heading-title elementor-size-default\"><a href=\"https:\/\/obiektywnaphotography.pl\/index.php\/galeria-dla-par\/\">DLA PAR<\/a><\/h2>\t\t<\/div>\n\t\t\t\t<\/div>\n\t\t\t\t<div class=\"elementor-element elementor-element-684f25b elementor-widget elementor-widget-heading\" data-id=\"684f25b\" data-element_type=\"widget\" data-widget_type=\"heading.default\">\n\t\t\t\t<div class=\"elementor-widget-container\">\n\t\t\t<h2 class=\"elementor-heading-title elementor-size-default\"><a href=\"https:\/\/obiektywnaphotography.pl\/index.php\/galeria-wieczor-panienski\/\">WIECZ\u00d3R PANIE\u0143SKI<\/a><\/h2>\t\t<\/div>\n\t\t\t\t<\/div>\n\t\t\t\t<div class=\"elementor-element elementor-element-80fa614 elementor-widget elementor-widget-heading\" data-id=\"80fa614\" data-element_type=\"widget\" data-widget_type=\"heading.default\">\n\t\t\t\t<div class=\"elementor-widget-container\">\n\t\t\t<h2 class=\"elementor-heading-title elementor-size-default\"><a href=\"https:\/\/obiektywnaphotography.pl\/index.php\/galeria-sesje-indywidualne\/\">SESJE INDYWIDUALNE<\/a><\/h2>\t\t<\/div>\n\t\t\t\t<\/div>\n\t\t\t\t<div class=\"elementor-element elementor-element-8df3690 elementor-widget elementor-widget-heading\" data-id=\"8df3690\" data-element_type=\"widget\" data-widget_type=\"heading.default\">\n\t\t\t\t<div class=\"elementor-widget-container\">\n\t\t\t<h2 class=\"elementor-heading-title elementor-size-default\"><a href=\"https:\/\/obiektywnaphotography.pl\/index.php\/sesje-okolicznosciowe-3\/\">SESJE OKOLICZNO\u015aCIOWE<\/a><\/h2>\t\t<\/div>\n\t\t\t\t<\/div>\n\t\t\t\t\t<\/div>\n\t\t<\/div>\n\t\t\t\t\t\t\t<\/div>\n\t\t<\/section>\n\t\t\t\t\t\t<\/div>\n\t\t\t\t\t<\/div>\n\t\t","protected":false},"excerpt":{"rendered":"<p>GALERIA Poni\u017cej znajdziesz linki do ca\u0142ego mojego portfolio. Zapraszam serdecznie do ogl\u0105dania! REPORTA\u017b \u015aLUBNY KOMUNIA \u015aWI\u0118TA CHRZEST \u015aWI\u0118TY DZIECI\u0118CE RODZINNE DLA PAR WIECZ\u00d3R PANIE\u0143SKI SESJE INDYWIDUALNE SESJE OKOLICZNO\u015aCIOWE<\/p>\n","protected":false},"author":1,"featured_media":7597,"parent":0,"menu_order":0,"comment_status":"closed","ping_status":"closed","template":"","meta":{"_monsterinsights_skip_tracking":false,"_monsterinsights_sitenote_active":false,"_monsterinsights_sitenote_note":"","_monsterinsights_sitenote_category":0,"site-sidebar-layout":"no-sidebar","site-content-layout":"page-builder","ast-main-header-display":"","ast-hfb-above-header-display":"","ast-hfb-below-header-display":"","ast-hfb-mobile-header-display":"","site-post-title":"disabled","ast-breadcrumbs-content":"","ast-featured-img":"disabled","footer-sml-layout":"","theme-transparent-header-meta":"enabled","adv-header-id-meta":"","stick-header-meta":"","header-above-stick-meta":"","header-main-stick-meta":"","header-below-stick-meta":"","footnotes":""},"class_list":["post-3641","page","type-page","status-publish","has-post-thumbnail","hentry"],"yoast_head":"<!-- This site is optimized with the Yoast SEO plugin v16.1.1 - https:\/\/yoast.com\/wordpress\/plugins\/seo\/ -->\n<title>Galeria | Obiektywna Photography | Fotograf \u0141\u00f3dzkie<\/title>\n<meta name=\"description\" content=\"Tutaj znajdziesz ca\u0142\u0105 moj\u0105 galeri\u0119 zdj\u0119\u0107. Zapraszam do ogl\u0105dania, zapoznania si\u0119 z ofert\u0105 i rezerwacji terminu na sesj\u0119!\" \/>\n<link rel=\"canonical\" href=\"https:\/\/obiektywnaphotography.pl\/index.php\/galeria-2\/\" \/>\n<meta property=\"og:locale\" content=\"pl_PL\" \/>\n<meta property=\"og:type\" content=\"article\" \/>\n<meta property=\"og:title\" content=\"Galeria | Obiektywna Photography | Fotograf \u0141\u00f3dzkie\" \/>\n<meta property=\"og:description\" content=\"Tutaj znajdziesz ca\u0142\u0105 moj\u0105 galeri\u0119 zdj\u0119\u0107. Zapraszam do ogl\u0105dania, zapoznania si\u0119 z ofert\u0105 i rezerwacji terminu na sesj\u0119!\" \/>\n<meta property=\"og:url\" content=\"https:\/\/obiektywnaphotography.pl\/index.php\/galeria-2\/\" \/>\n<meta property=\"article:publisher\" content=\"https:\/\/www.facebook.com\/obiektywna.photography\" \/>\n<meta property=\"article:modified_time\" content=\"2024-12-09T19:48:27+00:00\" \/>\n<meta property=\"og:image\" content=\"https:\/\/obiektywnaphotography.pl\/wp-content\/uploads\/2024\/05\/C3A9955-1-scaled-1.jpg\" \/>\n\t<meta property=\"og:image:width\" content=\"2560\" \/>\n\t<meta property=\"og:image:height\" content=\"1709\" \/>\n<meta name=\"twitter:card\" content=\"summary_large_image\" \/>\n<meta name=\"twitter:label1\" content=\"Szacowany czas czytania\">\n\t<meta name=\"twitter:data1\" content=\"1 minuta\">\n<script type=\"application\/ld+json\" class=\"yoast-schema-graph\">{\"@context\":\"https:\/\/schema.org\",\"@graph\":[{\"@type\":\"Organization\",\"@id\":\"https:\/\/obiektywnaphotography.pl\/#organization\",\"name\":\"Obiektywna Photography\",\"url\":\"https:\/\/obiektywnaphotography.pl\/\",\"sameAs\":[\"https:\/\/www.facebook.com\/obiektywna.photography\",\"https:\/\/www.instagram.com\/obiektywna_photography\/\"],\"logo\":{\"@type\":\"ImageObject\",\"@id\":\"https:\/\/obiektywnaphotography.pl\/#logo\",\"inLanguage\":\"pl-PL\",\"url\":\"https:\/\/obiektywnaphotography.pl\/wp-content\/uploads\/2020\/09\/cropped-obiektywna.png\",\"contentUrl\":\"https:\/\/obiektywnaphotography.pl\/wp-content\/uploads\/2020\/09\/cropped-obiektywna.png\",\"width\":831,\"height\":277,\"caption\":\"Obiektywna Photography\"},\"image\":{\"@id\":\"https:\/\/obiektywnaphotography.pl\/#logo\"}},{\"@type\":\"WebSite\",\"@id\":\"https:\/\/obiektywnaphotography.pl\/#website\",\"url\":\"https:\/\/obiektywnaphotography.pl\/\",\"name\":\"Obiektywna Photography - Fotografia \\u015blubna i okoliczno\\u015bciowa\",\"description\":\"Autentyczne, pe\\u0142ne emocji reporta\\u017ce \\u015blubne.\",\"publisher\":{\"@id\":\"https:\/\/obiektywnaphotography.pl\/#organization\"},\"potentialAction\":[{\"@type\":\"SearchAction\",\"target\":\"https:\/\/obiektywnaphotography.pl\/?s={search_term_string}\",\"query-input\":\"required name=search_term_string\"}],\"inLanguage\":\"pl-PL\"},{\"@type\":\"ImageObject\",\"@id\":\"https:\/\/obiektywnaphotography.pl\/index.php\/galeria-2\/#primaryimage\",\"inLanguage\":\"pl-PL\",\"url\":\"https:\/\/obiektywnaphotography.pl\/wp-content\/uploads\/2024\/05\/C3A9955-1-scaled-1.jpg\",\"contentUrl\":\"https:\/\/obiektywnaphotography.pl\/wp-content\/uploads\/2024\/05\/C3A9955-1-scaled-1.jpg\",\"width\":2560,\"height\":1709},{\"@type\":\"WebPage\",\"@id\":\"https:\/\/obiektywnaphotography.pl\/index.php\/galeria-2\/#webpage\",\"url\":\"https:\/\/obiektywnaphotography.pl\/index.php\/galeria-2\/\",\"name\":\"Galeria | Obiektywna Photography | Fotograf \\u0141\\u00f3dzkie\",\"isPartOf\":{\"@id\":\"https:\/\/obiektywnaphotography.pl\/#website\"},\"primaryImageOfPage\":{\"@id\":\"https:\/\/obiektywnaphotography.pl\/index.php\/galeria-2\/#primaryimage\"},\"datePublished\":\"2022-03-30T09:03:38+00:00\",\"dateModified\":\"2024-12-09T19:48:27+00:00\",\"description\":\"Tutaj znajdziesz ca\\u0142\\u0105 moj\\u0105 galeri\\u0119 zdj\\u0119\\u0107. Zapraszam do ogl\\u0105dania, zapoznania si\\u0119 z ofert\\u0105 i rezerwacji terminu na sesj\\u0119!\",\"breadcrumb\":{\"@id\":\"https:\/\/obiektywnaphotography.pl\/index.php\/galeria-2\/#breadcrumb\"},\"inLanguage\":\"pl-PL\",\"potentialAction\":[{\"@type\":\"ReadAction\",\"target\":[\"https:\/\/obiektywnaphotography.pl\/index.php\/galeria-2\/\"]}]},{\"@type\":\"BreadcrumbList\",\"@id\":\"https:\/\/obiektywnaphotography.pl\/index.php\/galeria-2\/#breadcrumb\",\"itemListElement\":[{\"@type\":\"ListItem\",\"position\":1,\"item\":{\"@type\":\"WebPage\",\"@id\":\"https:\/\/obiektywnaphotography.pl\/\",\"url\":\"https:\/\/obiektywnaphotography.pl\/\",\"name\":\"Strona g\\u0142\\u00f3wna\"}},{\"@type\":\"ListItem\",\"position\":2,\"item\":{\"@type\":\"WebPage\",\"@id\":\"https:\/\/obiektywnaphotography.pl\/index.php\/galeria-2\/\",\"url\":\"https:\/\/obiektywnaphotography.pl\/index.php\/galeria-2\/\",\"name\":\"Galeria\"}}]}]}<\/script>\n<!-- \/ Yoast SEO plugin. -->","_links":{"self":[{"href":"https:\/\/obiektywnaphotography.pl\/index.php\/wp-json\/wp\/v2\/pages\/3641","targetHints":{"allow":["GET"]}}],"collection":[{"href":"https:\/\/obiektywnaphotography.pl\/index.php\/wp-json\/wp\/v2\/pages"}],"about":[{"href":"https:\/\/obiektywnaphotography.pl\/index.php\/wp-json\/wp\/v2\/types\/page"}],"author":[{"embeddable":true,"href":"https:\/\/obiektywnaphotography.pl\/index.php\/wp-json\/wp\/v2\/users\/1"}],"replies":[{"embeddable":true,"href":"https:\/\/obiektywnaphotography.pl\/index.php\/wp-json\/wp\/v2\/comments?post=3641"}],"version-history":[{"count":10,"href":"https:\/\/obiektywnaphotography.pl\/index.php\/wp-json\/wp\/v2\/pages\/3641\/revisions"}],"predecessor-version":[{"id":7642,"href":"https:\/\/obiektywnaphotography.pl\/index.php\/wp-json\/wp\/v2\/pages\/3641\/revisions\/7642"}],"wp:featuredmedia":[{"embeddable":true,"href":"https:\/\/obiektywnaphotography.pl\/index.php\/wp-json\/wp\/v2\/media\/7597"}],"wp:attachment":[{"href":"https:\/\/obiektywnaphotography.pl\/index.php\/wp-json\/wp\/v2\/media?parent=3641"}],"curies":[{"name":"wp","href":"https:\/\/api.w.org\/{rel}","templated":true}]}}