{"id":3631,"date":"2022-03-30T10:43:02","date_gmt":"2022-03-30T08:43:02","guid":{"rendered":"https:\/\/obiektywnaphotography.pl\/?page_id=3631"},"modified":"2025-01-12T16:59:11","modified_gmt":"2025-01-12T15:59:11","slug":"galeria-reportaz-slubny","status":"publish","type":"page","link":"https:\/\/obiektywnaphotography.pl\/index.php\/galeria-reportaz-slubny\/","title":{"rendered":"Reporta\u017c \u015alubny"},"content":{"rendered":"\t\t<div data-elementor-type=\"wp-page\" data-elementor-id=\"3631\" class=\"elementor elementor-3631\" data-elementor-settings=\"[]\">\n\t\t\t\t\t\t\t<div class=\"elementor-section-wrap\">\n\t\t\t\t\t\t\t<section class=\"elementor-section elementor-top-section elementor-element elementor-element-094af3c elementor-section-boxed elementor-section-height-default elementor-section-height-default\" data-id=\"094af3c\" data-element_type=\"section\" data-settings=\"{&quot;background_background&quot;:&quot;classic&quot;}\">\n\t\t\t\t\t\t\t<div class=\"elementor-background-overlay\"><\/div>\n\t\t\t\t\t\t\t<div class=\"elementor-container elementor-column-gap-default\">\n\t\t\t\t\t<div class=\"elementor-column elementor-col-100 elementor-top-column elementor-element elementor-element-6b046d6\" data-id=\"6b046d6\" data-element_type=\"column\">\n\t\t\t<div class=\"elementor-widget-wrap elementor-element-populated\">\n\t\t\t\t\t\t\t\t<div class=\"elementor-element elementor-element-8da095d elementor-widget elementor-widget-heading\" data-id=\"8da095d\" data-element_type=\"widget\" data-widget_type=\"heading.default\">\n\t\t\t\t<div class=\"elementor-widget-container\">\n\t\t\t<style>\/*! elementor - v3.5.6 - 28-02-2022 *\/\n.elementor-heading-title{padding:0;margin:0;line-height:1}.elementor-widget-heading .elementor-heading-title[class*=elementor-size-]>a{color:inherit;font-size:inherit;line-height:inherit}.elementor-widget-heading .elementor-heading-title.elementor-size-small{font-size:15px}.elementor-widget-heading .elementor-heading-title.elementor-size-medium{font-size:19px}.elementor-widget-heading .elementor-heading-title.elementor-size-large{font-size:29px}.elementor-widget-heading .elementor-heading-title.elementor-size-xl{font-size:39px}.elementor-widget-heading .elementor-heading-title.elementor-size-xxl{font-size:59px}<\/style><h1 class=\"elementor-heading-title elementor-size-default\">Galeria - Reporta\u017c \u015alubny<\/h1>\t\t<\/div>\n\t\t\t\t<\/div>\n\t\t\t\t<div class=\"elementor-element elementor-element-948496e elementor-widget elementor-widget-text-editor\" data-id=\"948496e\" data-element_type=\"widget\" data-widget_type=\"text-editor.default\">\n\t\t\t\t<div class=\"elementor-widget-container\">\n\t\t\t<style>\/*! elementor - v3.5.6 - 28-02-2022 *\/\n.elementor-widget-text-editor.elementor-drop-cap-view-stacked .elementor-drop-cap{background-color:#818a91;color:#fff}.elementor-widget-text-editor.elementor-drop-cap-view-framed .elementor-drop-cap{color:#818a91;border:3px solid;background-color:transparent}.elementor-widget-text-editor:not(.elementor-drop-cap-view-default) .elementor-drop-cap{margin-top:8px}.elementor-widget-text-editor:not(.elementor-drop-cap-view-default) .elementor-drop-cap-letter{width:1em;height:1em}.elementor-widget-text-editor .elementor-drop-cap{float:left;text-align:center;line-height:1;font-size:50px}.elementor-widget-text-editor .elementor-drop-cap-letter{display:inline-block}<\/style>\t\t\t\t<p>Reporta\u017c \u015alubny to dla nas kategoria szczeg\u00f3lnie wyj\u0105tkowa. Tak samo jak Wam, zale\u017cy nam na uchwyceniu ka\u017cdej najwa\u017cniejszej chwili tego dnia. Stoj\u0105c dyskretnie za obiektywem \u0142apiemy czu\u0142e poca\u0142unki, nie\u015bmia\u0142e \u0142zy, u\u015bmiech skierowany ukradkiem<br \/>do siebie nawzajem oraz chwile szale\u0144stwa i romantyzmu na parkiecie.<br \/>Gwarantujemy Wam, \u017ce ogl\u0105daj\u0105c nasze zdj\u0119cia wr\u00f3cicie my\u015blami do tamtych chwil<br \/>i przypomnicie sobie emocje, kt\u00f3re towarzyszy\u0142y Wam tego dnia.<\/p>\t\t\t\t\t\t<\/div>\n\t\t\t\t<\/div>\n\t\t\t\t\t<\/div>\n\t\t<\/div>\n\t\t\t\t\t\t\t<\/div>\n\t\t<\/section>\n\t\t\t\t<section class=\"elementor-section elementor-top-section elementor-element elementor-element-29835de elementor-section-boxed elementor-section-height-default elementor-section-height-default\" data-id=\"29835de\" data-element_type=\"section\" data-settings=\"{&quot;background_background&quot;:&quot;classic&quot;}\">\n\t\t\t\t\t\t<div class=\"elementor-container elementor-column-gap-no\">\n\t\t\t\t\t<div class=\"elementor-column elementor-col-100 elementor-top-column elementor-element elementor-element-eda2516\" data-id=\"eda2516\" data-element_type=\"column\">\n\t\t\t<div class=\"elementor-widget-wrap elementor-element-populated\">\n\t\t\t\t\t\t\t\t<div class=\"elementor-element elementor-element-010040f elementor-grid-1 elementor-grid-tablet-2 elementor-grid-mobile-1 elementor-widget elementor-widget-portfolio\" data-id=\"010040f\" data-element_type=\"widget\" data-settings=\"{&quot;columns&quot;:&quot;1&quot;,&quot;row_gap&quot;:{&quot;unit&quot;:&quot;px&quot;,&quot;size&quot;:50,&quot;sizes&quot;:[]},&quot;columns_tablet&quot;:&quot;2&quot;,&quot;columns_mobile&quot;:&quot;1&quot;,&quot;item_ratio&quot;:{&quot;unit&quot;:&quot;px&quot;,&quot;size&quot;:0.66,&quot;sizes&quot;:[]},&quot;item_gap&quot;:{&quot;unit&quot;:&quot;px&quot;,&quot;size&quot;:&quot;&quot;,&quot;sizes&quot;:[]}}\" data-widget_type=\"portfolio.default\">\n\t\t\t\t<div class=\"elementor-widget-container\">\n\t\t\t<link rel=\"stylesheet\" href=\"https:\/\/obiektywnaphotography.pl\/wp-content\/plugins\/elementor-pro\/assets\/css\/widget-posts.min.css\">\t\t<div class=\"elementor-portfolio elementor-grid elementor-posts-container\">\n\t\t\t\t<article class=\"elementor-portfolio-item elementor-post  post-13349 post type-post status-publish format-standard has-post-thumbnail hentry category-bez-kategorii\">\n\t\t\t<a class=\"elementor-post__thumbnail__link\" href=\"https:\/\/obiektywnaphotography.pl\/index.php\/2026\/02\/05\/magdalena-bartlomiej-kocierz-resort\/\">\n\t\t\t\t<div class=\"elementor-portfolio-item__img elementor-post__thumbnail\">\n\t\t\t<img loading=\"lazy\" decoding=\"async\" width=\"2048\" height=\"1365\" src=\"https:\/\/obiektywnaphotography.pl\/wp-content\/uploads\/2026\/02\/DSC2135-2-2048x1365.jpg\" class=\"attachment-2048x2048 size-2048x2048\" alt=\"\" srcset=\"https:\/\/obiektywnaphotography.pl\/wp-content\/uploads\/2026\/02\/DSC2135-2-2048x1365.jpg 2048w, https:\/\/obiektywnaphotography.pl\/wp-content\/uploads\/2026\/02\/DSC2135-2-300x200.jpg 300w, https:\/\/obiektywnaphotography.pl\/wp-content\/uploads\/2026\/02\/DSC2135-2-1024x683.jpg 1024w, https:\/\/obiektywnaphotography.pl\/wp-content\/uploads\/2026\/02\/DSC2135-2-768x512.jpg 768w, https:\/\/obiektywnaphotography.pl\/wp-content\/uploads\/2026\/02\/DSC2135-2-1536x1024.jpg 1536w\" sizes=\"auto, (max-width: 2048px) 100vw, 2048px\" \/>\t\t<\/div>\n\t\t\t\t<div class=\"elementor-portfolio-item__overlay\">\n\t\t\t\t<h3 class=\"elementor-portfolio-item__title\">\n\t\tMagdalena &amp; Bart\u0142omiej &#8211; Kocierz Resort\t\t<\/h3>\n\t\t\t\t<\/div>\n\t\t\t\t<\/a>\n\t\t<\/article>\n\t\t\t\t<article class=\"elementor-portfolio-item elementor-post  post-13271 post type-post status-publish format-standard has-post-thumbnail hentry category-bez-kategorii\">\n\t\t\t<a class=\"elementor-post__thumbnail__link\" href=\"https:\/\/obiektywnaphotography.pl\/index.php\/2026\/02\/05\/natalia-marcin-norwegia\/\">\n\t\t\t\t<div class=\"elementor-portfolio-item__img elementor-post__thumbnail\">\n\t\t\t<img loading=\"lazy\" decoding=\"async\" width=\"2048\" height=\"1365\" src=\"https:\/\/obiektywnaphotography.pl\/wp-content\/uploads\/2026\/02\/DSC9469-5-2048x1365.jpg\" class=\"attachment-2048x2048 size-2048x2048\" alt=\"\" srcset=\"https:\/\/obiektywnaphotography.pl\/wp-content\/uploads\/2026\/02\/DSC9469-5-2048x1365.jpg 2048w, https:\/\/obiektywnaphotography.pl\/wp-content\/uploads\/2026\/02\/DSC9469-5-300x200.jpg 300w, https:\/\/obiektywnaphotography.pl\/wp-content\/uploads\/2026\/02\/DSC9469-5-1024x683.jpg 1024w, https:\/\/obiektywnaphotography.pl\/wp-content\/uploads\/2026\/02\/DSC9469-5-768x512.jpg 768w, https:\/\/obiektywnaphotography.pl\/wp-content\/uploads\/2026\/02\/DSC9469-5-1536x1024.jpg 1536w\" sizes=\"auto, (max-width: 2048px) 100vw, 2048px\" \/>\t\t<\/div>\n\t\t\t\t<div class=\"elementor-portfolio-item__overlay\">\n\t\t\t\t<h3 class=\"elementor-portfolio-item__title\">\n\t\tNatalia &amp; Marcin &#8211; Norwegia\t\t<\/h3>\n\t\t\t\t<\/div>\n\t\t\t\t<\/a>\n\t\t<\/article>\n\t\t\t\t<article class=\"elementor-portfolio-item elementor-post  post-12996 post type-post status-publish format-standard has-post-thumbnail hentry category-bez-kategorii\">\n\t\t\t<a class=\"elementor-post__thumbnail__link\" href=\"https:\/\/obiektywnaphotography.pl\/index.php\/2026\/02\/05\/patrycja-maciej-patio-na-wodoktach\/\">\n\t\t\t\t<div class=\"elementor-portfolio-item__img elementor-post__thumbnail\">\n\t\t\t<img loading=\"lazy\" decoding=\"async\" width=\"2048\" height=\"1365\" src=\"https:\/\/obiektywnaphotography.pl\/wp-content\/uploads\/2026\/02\/DSC3268-2-2048x1365.jpg\" class=\"attachment-2048x2048 size-2048x2048\" alt=\"\" srcset=\"https:\/\/obiektywnaphotography.pl\/wp-content\/uploads\/2026\/02\/DSC3268-2-2048x1365.jpg 2048w, https:\/\/obiektywnaphotography.pl\/wp-content\/uploads\/2026\/02\/DSC3268-2-300x200.jpg 300w, https:\/\/obiektywnaphotography.pl\/wp-content\/uploads\/2026\/02\/DSC3268-2-1024x683.jpg 1024w, https:\/\/obiektywnaphotography.pl\/wp-content\/uploads\/2026\/02\/DSC3268-2-768x512.jpg 768w, https:\/\/obiektywnaphotography.pl\/wp-content\/uploads\/2026\/02\/DSC3268-2-1536x1024.jpg 1536w\" sizes=\"auto, (max-width: 2048px) 100vw, 2048px\" \/>\t\t<\/div>\n\t\t\t\t<div class=\"elementor-portfolio-item__overlay\">\n\t\t\t\t<h3 class=\"elementor-portfolio-item__title\">\n\t\tPatrycja &amp; Maciej &#8211; Patio na Wodoktach\t\t<\/h3>\n\t\t\t\t<\/div>\n\t\t\t\t<\/a>\n\t\t<\/article>\n\t\t\t\t<article class=\"elementor-portfolio-item elementor-post  post-12696 post type-post status-publish format-standard has-post-thumbnail hentry category-bez-kategorii\">\n\t\t\t<a class=\"elementor-post__thumbnail__link\" href=\"https:\/\/obiektywnaphotography.pl\/index.php\/2026\/02\/05\/sandra-michal-hotel-kristoff\/\">\n\t\t\t\t<div class=\"elementor-portfolio-item__img elementor-post__thumbnail\">\n\t\t\t<img loading=\"lazy\" decoding=\"async\" width=\"2048\" height=\"1363\" src=\"https:\/\/obiektywnaphotography.pl\/wp-content\/uploads\/2026\/02\/DSC9152-5-2048x1363.jpg\" class=\"attachment-2048x2048 size-2048x2048\" alt=\"\" srcset=\"https:\/\/obiektywnaphotography.pl\/wp-content\/uploads\/2026\/02\/DSC9152-5-2048x1363.jpg 2048w, https:\/\/obiektywnaphotography.pl\/wp-content\/uploads\/2026\/02\/DSC9152-5-300x200.jpg 300w, https:\/\/obiektywnaphotography.pl\/wp-content\/uploads\/2026\/02\/DSC9152-5-1024x681.jpg 1024w, https:\/\/obiektywnaphotography.pl\/wp-content\/uploads\/2026\/02\/DSC9152-5-768x511.jpg 768w, https:\/\/obiektywnaphotography.pl\/wp-content\/uploads\/2026\/02\/DSC9152-5-1536x1022.jpg 1536w\" sizes=\"auto, (max-width: 2048px) 100vw, 2048px\" \/>\t\t<\/div>\n\t\t\t\t<div class=\"elementor-portfolio-item__overlay\">\n\t\t\t\t<h3 class=\"elementor-portfolio-item__title\">\n\t\tSandra &amp; Micha\u0142 &#8211; Hotel Kristoff\t\t<\/h3>\n\t\t\t\t<\/div>\n\t\t\t\t<\/a>\n\t\t<\/article>\n\t\t\t\t<article class=\"elementor-portfolio-item elementor-post  post-12413 post type-post status-publish format-standard has-post-thumbnail hentry category-bez-kategorii\">\n\t\t\t<a class=\"elementor-post__thumbnail__link\" href=\"https:\/\/obiektywnaphotography.pl\/index.php\/2026\/02\/04\/karolina-lukasz-wisteria-laskowiec\/\">\n\t\t\t\t<div class=\"elementor-portfolio-item__img elementor-post__thumbnail\">\n\t\t\t<img loading=\"lazy\" decoding=\"async\" width=\"2048\" height=\"1365\" src=\"https:\/\/obiektywnaphotography.pl\/wp-content\/uploads\/2026\/02\/DSC6589-2048x1365.jpg\" class=\"attachment-2048x2048 size-2048x2048\" alt=\"\" srcset=\"https:\/\/obiektywnaphotography.pl\/wp-content\/uploads\/2026\/02\/DSC6589-2048x1365.jpg 2048w, https:\/\/obiektywnaphotography.pl\/wp-content\/uploads\/2026\/02\/DSC6589-300x200.jpg 300w, https:\/\/obiektywnaphotography.pl\/wp-content\/uploads\/2026\/02\/DSC6589-1024x683.jpg 1024w, https:\/\/obiektywnaphotography.pl\/wp-content\/uploads\/2026\/02\/DSC6589-768x512.jpg 768w, https:\/\/obiektywnaphotography.pl\/wp-content\/uploads\/2026\/02\/DSC6589-1536x1024.jpg 1536w\" sizes=\"auto, (max-width: 2048px) 100vw, 2048px\" \/>\t\t<\/div>\n\t\t\t\t<div class=\"elementor-portfolio-item__overlay\">\n\t\t\t\t<h3 class=\"elementor-portfolio-item__title\">\n\t\tKarolina &amp; \u0141ukasz &#8211; Wisteria Laskowiec\t\t<\/h3>\n\t\t\t\t<\/div>\n\t\t\t\t<\/a>\n\t\t<\/article>\n\t\t\t\t<article class=\"elementor-portfolio-item elementor-post  post-11507 post type-post status-publish format-standard has-post-thumbnail hentry category-bez-kategorii\">\n\t\t\t<a class=\"elementor-post__thumbnail__link\" href=\"https:\/\/obiektywnaphotography.pl\/index.php\/2026\/02\/03\/elementor-11507\/\">\n\t\t\t\t<div class=\"elementor-portfolio-item__img elementor-post__thumbnail\">\n\t\t\t<img loading=\"lazy\" decoding=\"async\" width=\"2048\" height=\"1365\" src=\"https:\/\/obiektywnaphotography.pl\/wp-content\/uploads\/2026\/02\/DSC9661-2-1-2048x1365.jpg\" class=\"attachment-2048x2048 size-2048x2048\" alt=\"\" srcset=\"https:\/\/obiektywnaphotography.pl\/wp-content\/uploads\/2026\/02\/DSC9661-2-1-2048x1365.jpg 2048w, https:\/\/obiektywnaphotography.pl\/wp-content\/uploads\/2026\/02\/DSC9661-2-1-300x200.jpg 300w, https:\/\/obiektywnaphotography.pl\/wp-content\/uploads\/2026\/02\/DSC9661-2-1-1024x683.jpg 1024w, https:\/\/obiektywnaphotography.pl\/wp-content\/uploads\/2026\/02\/DSC9661-2-1-768x512.jpg 768w, https:\/\/obiektywnaphotography.pl\/wp-content\/uploads\/2026\/02\/DSC9661-2-1-1536x1024.jpg 1536w\" sizes=\"auto, (max-width: 2048px) 100vw, 2048px\" \/>\t\t<\/div>\n\t\t\t\t<div class=\"elementor-portfolio-item__overlay\">\n\t\t\t\t<h3 class=\"elementor-portfolio-item__title\">\n\t\tNatalia &amp; Dawid &#8211; Riviera Resort\t\t<\/h3>\n\t\t\t\t<\/div>\n\t\t\t\t<\/a>\n\t\t<\/article>\n\t\t\t\t<article class=\"elementor-portfolio-item elementor-post  post-10942 post type-post status-publish format-standard has-post-thumbnail hentry category-bez-kategorii\">\n\t\t\t<a class=\"elementor-post__thumbnail__link\" href=\"https:\/\/obiektywnaphotography.pl\/index.php\/2025\/01\/13\/kinga-wojtek-santorini\/\">\n\t\t\t\t<div class=\"elementor-portfolio-item__img elementor-post__thumbnail\">\n\t\t\t<img loading=\"lazy\" decoding=\"async\" width=\"2048\" height=\"1365\" src=\"https:\/\/obiektywnaphotography.pl\/wp-content\/uploads\/2025\/01\/DSC2065-2-2048x1365.jpg\" class=\"attachment-2048x2048 size-2048x2048\" alt=\"\" srcset=\"https:\/\/obiektywnaphotography.pl\/wp-content\/uploads\/2025\/01\/DSC2065-2-2048x1365.jpg 2048w, https:\/\/obiektywnaphotography.pl\/wp-content\/uploads\/2025\/01\/DSC2065-2-300x200.jpg 300w, https:\/\/obiektywnaphotography.pl\/wp-content\/uploads\/2025\/01\/DSC2065-2-1024x683.jpg 1024w, https:\/\/obiektywnaphotography.pl\/wp-content\/uploads\/2025\/01\/DSC2065-2-768x512.jpg 768w, https:\/\/obiektywnaphotography.pl\/wp-content\/uploads\/2025\/01\/DSC2065-2-1536x1024.jpg 1536w\" sizes=\"auto, (max-width: 2048px) 100vw, 2048px\" \/>\t\t<\/div>\n\t\t\t\t<div class=\"elementor-portfolio-item__overlay\">\n\t\t\t\t<h3 class=\"elementor-portfolio-item__title\">\n\t\tKinga &amp; Wojtek &#8211; Santorini\t\t<\/h3>\n\t\t\t\t<\/div>\n\t\t\t\t<\/a>\n\t\t<\/article>\n\t\t\t\t<article class=\"elementor-portfolio-item elementor-post  post-10717 post type-post status-publish format-standard has-post-thumbnail hentry category-bez-kategorii\">\n\t\t\t<a class=\"elementor-post__thumbnail__link\" href=\"https:\/\/obiektywnaphotography.pl\/index.php\/2025\/01\/12\/malgorzata-bartosz\/\">\n\t\t\t\t<div class=\"elementor-portfolio-item__img elementor-post__thumbnail\">\n\t\t\t<img loading=\"lazy\" decoding=\"async\" width=\"2048\" height=\"1367\" src=\"https:\/\/obiektywnaphotography.pl\/wp-content\/uploads\/2025\/01\/C3A4292-Poprawione-Szum-2048x1367.jpg\" class=\"attachment-2048x2048 size-2048x2048\" alt=\"\" srcset=\"https:\/\/obiektywnaphotography.pl\/wp-content\/uploads\/2025\/01\/C3A4292-Poprawione-Szum-2048x1367.jpg 2048w, https:\/\/obiektywnaphotography.pl\/wp-content\/uploads\/2025\/01\/C3A4292-Poprawione-Szum-300x200.jpg 300w, https:\/\/obiektywnaphotography.pl\/wp-content\/uploads\/2025\/01\/C3A4292-Poprawione-Szum-1024x684.jpg 1024w, https:\/\/obiektywnaphotography.pl\/wp-content\/uploads\/2025\/01\/C3A4292-Poprawione-Szum-768x513.jpg 768w, https:\/\/obiektywnaphotography.pl\/wp-content\/uploads\/2025\/01\/C3A4292-Poprawione-Szum-1536x1025.jpg 1536w\" sizes=\"auto, (max-width: 2048px) 100vw, 2048px\" \/>\t\t<\/div>\n\t\t\t\t<div class=\"elementor-portfolio-item__overlay\">\n\t\t\t\t<h3 class=\"elementor-portfolio-item__title\">\n\t\tMa\u0142gorzata &amp; Bartosz &#8211; Hotel \u015al\u0105sk\t\t<\/h3>\n\t\t\t\t<\/div>\n\t\t\t\t<\/a>\n\t\t<\/article>\n\t\t\t\t<article class=\"elementor-portfolio-item elementor-post  post-10473 post type-post status-publish format-standard has-post-thumbnail hentry category-bez-kategorii\">\n\t\t\t<a class=\"elementor-post__thumbnail__link\" href=\"https:\/\/obiektywnaphotography.pl\/index.php\/2025\/01\/12\/ewelina-patryk-bonassola-la-spezia-wlochy\/\">\n\t\t\t\t<div class=\"elementor-portfolio-item__img elementor-post__thumbnail\">\n\t\t\t<img loading=\"lazy\" decoding=\"async\" width=\"2048\" height=\"1363\" src=\"https:\/\/obiektywnaphotography.pl\/wp-content\/uploads\/2025\/01\/DSC2565-2-2048x1363.jpg\" class=\"attachment-2048x2048 size-2048x2048\" alt=\"\" srcset=\"https:\/\/obiektywnaphotography.pl\/wp-content\/uploads\/2025\/01\/DSC2565-2-2048x1363.jpg 2048w, https:\/\/obiektywnaphotography.pl\/wp-content\/uploads\/2025\/01\/DSC2565-2-300x200.jpg 300w, https:\/\/obiektywnaphotography.pl\/wp-content\/uploads\/2025\/01\/DSC2565-2-1024x681.jpg 1024w, https:\/\/obiektywnaphotography.pl\/wp-content\/uploads\/2025\/01\/DSC2565-2-768x511.jpg 768w, https:\/\/obiektywnaphotography.pl\/wp-content\/uploads\/2025\/01\/DSC2565-2-1536x1022.jpg 1536w\" sizes=\"auto, (max-width: 2048px) 100vw, 2048px\" \/>\t\t<\/div>\n\t\t\t\t<div class=\"elementor-portfolio-item__overlay\">\n\t\t\t\t<h3 class=\"elementor-portfolio-item__title\">\n\t\tEwelina &amp; Patryk &#8211; Bonassola La Spezia &#8211; W\u0142ochy\t\t<\/h3>\n\t\t\t\t<\/div>\n\t\t\t\t<\/a>\n\t\t<\/article>\n\t\t\t\t<article class=\"elementor-portfolio-item elementor-post  post-10242 post type-post status-publish format-standard has-post-thumbnail hentry category-bez-kategorii\">\n\t\t\t<a class=\"elementor-post__thumbnail__link\" href=\"https:\/\/obiektywnaphotography.pl\/index.php\/2025\/01\/12\/patrycja-hubert-patio-na-wodoktach\/\">\n\t\t\t\t<div class=\"elementor-portfolio-item__img elementor-post__thumbnail\">\n\t\t\t<img loading=\"lazy\" decoding=\"async\" width=\"2048\" height=\"1367\" src=\"https:\/\/obiektywnaphotography.pl\/wp-content\/uploads\/2025\/01\/DSC3094-2048x1367.jpg\" class=\"attachment-2048x2048 size-2048x2048\" alt=\"\" srcset=\"https:\/\/obiektywnaphotography.pl\/wp-content\/uploads\/2025\/01\/DSC3094-2048x1367.jpg 2048w, https:\/\/obiektywnaphotography.pl\/wp-content\/uploads\/2025\/01\/DSC3094-300x200.jpg 300w, https:\/\/obiektywnaphotography.pl\/wp-content\/uploads\/2025\/01\/DSC3094-1024x684.jpg 1024w, https:\/\/obiektywnaphotography.pl\/wp-content\/uploads\/2025\/01\/DSC3094-768x513.jpg 768w, https:\/\/obiektywnaphotography.pl\/wp-content\/uploads\/2025\/01\/DSC3094-1536x1025.jpg 1536w\" sizes=\"auto, (max-width: 2048px) 100vw, 2048px\" \/>\t\t<\/div>\n\t\t\t\t<div class=\"elementor-portfolio-item__overlay\">\n\t\t\t\t<h3 class=\"elementor-portfolio-item__title\">\n\t\tPatrycja &amp; Hubert &#8211; Patio na Wodoktach\t\t<\/h3>\n\t\t\t\t<\/div>\n\t\t\t\t<\/a>\n\t\t<\/article>\n\t\t\t\t<article class=\"elementor-portfolio-item elementor-post  post-9870 post type-post status-publish format-standard has-post-thumbnail hentry category-bez-kategorii\">\n\t\t\t<a class=\"elementor-post__thumbnail__link\" href=\"https:\/\/obiektywnaphotography.pl\/index.php\/2025\/01\/12\/julia-michal-zlote-arkady-palac-poznanskiego\/\">\n\t\t\t\t<div class=\"elementor-portfolio-item__img elementor-post__thumbnail\">\n\t\t\t<img loading=\"lazy\" decoding=\"async\" width=\"2048\" height=\"1363\" src=\"https:\/\/obiektywnaphotography.pl\/wp-content\/uploads\/2025\/01\/DSC0001-2048x1363.jpg\" class=\"attachment-2048x2048 size-2048x2048\" alt=\"\" srcset=\"https:\/\/obiektywnaphotography.pl\/wp-content\/uploads\/2025\/01\/DSC0001-2048x1363.jpg 2048w, https:\/\/obiektywnaphotography.pl\/wp-content\/uploads\/2025\/01\/DSC0001-300x200.jpg 300w, https:\/\/obiektywnaphotography.pl\/wp-content\/uploads\/2025\/01\/DSC0001-1024x681.jpg 1024w, https:\/\/obiektywnaphotography.pl\/wp-content\/uploads\/2025\/01\/DSC0001-768x511.jpg 768w, https:\/\/obiektywnaphotography.pl\/wp-content\/uploads\/2025\/01\/DSC0001-1536x1022.jpg 1536w\" sizes=\"auto, (max-width: 2048px) 100vw, 2048px\" \/>\t\t<\/div>\n\t\t\t\t<div class=\"elementor-portfolio-item__overlay\">\n\t\t\t\t<h3 class=\"elementor-portfolio-item__title\">\n\t\tJulia &amp; Micha\u0142 &#8211; Z\u0142ote Arkady | Pa\u0142ac Pozna\u0144skiego\t\t<\/h3>\n\t\t\t\t<\/div>\n\t\t\t\t<\/a>\n\t\t<\/article>\n\t\t\t\t<article class=\"elementor-portfolio-item elementor-post  post-9517 post type-post status-publish format-standard has-post-thumbnail hentry category-bez-kategorii\">\n\t\t\t<a class=\"elementor-post__thumbnail__link\" href=\"https:\/\/obiektywnaphotography.pl\/index.php\/2025\/01\/12\/ola-adam-wierzbowe-ranczo\/\">\n\t\t\t\t<div class=\"elementor-portfolio-item__img elementor-post__thumbnail\">\n\t\t\t<img loading=\"lazy\" decoding=\"async\" width=\"2048\" height=\"1363\" src=\"https:\/\/obiektywnaphotography.pl\/wp-content\/uploads\/2025\/01\/DSC2478-2048x1363.jpg\" class=\"attachment-2048x2048 size-2048x2048\" alt=\"\" srcset=\"https:\/\/obiektywnaphotography.pl\/wp-content\/uploads\/2025\/01\/DSC2478-2048x1363.jpg 2048w, https:\/\/obiektywnaphotography.pl\/wp-content\/uploads\/2025\/01\/DSC2478-300x200.jpg 300w, https:\/\/obiektywnaphotography.pl\/wp-content\/uploads\/2025\/01\/DSC2478-1024x681.jpg 1024w, https:\/\/obiektywnaphotography.pl\/wp-content\/uploads\/2025\/01\/DSC2478-768x511.jpg 768w, https:\/\/obiektywnaphotography.pl\/wp-content\/uploads\/2025\/01\/DSC2478-1536x1022.jpg 1536w\" sizes=\"auto, (max-width: 2048px) 100vw, 2048px\" \/>\t\t<\/div>\n\t\t\t\t<div class=\"elementor-portfolio-item__overlay\">\n\t\t\t\t<h3 class=\"elementor-portfolio-item__title\">\n\t\tOla &amp; Adam &#8211; Wierzbowe Ranczo\t\t<\/h3>\n\t\t\t\t<\/div>\n\t\t\t\t<\/a>\n\t\t<\/article>\n\t\t\t\t<article class=\"elementor-portfolio-item elementor-post  post-9219 post type-post status-publish format-standard has-post-thumbnail hentry category-bez-kategorii\">\n\t\t\t<a class=\"elementor-post__thumbnail__link\" href=\"https:\/\/obiektywnaphotography.pl\/index.php\/2025\/01\/11\/kamila-janek-hotel-bursztynowy-sen-stegna\/\">\n\t\t\t\t<div class=\"elementor-portfolio-item__img elementor-post__thumbnail\">\n\t\t\t<img loading=\"lazy\" decoding=\"async\" width=\"2048\" height=\"1367\" src=\"https:\/\/obiektywnaphotography.pl\/wp-content\/uploads\/2025\/01\/C3A7507-2-2048x1367.jpg\" class=\"attachment-2048x2048 size-2048x2048\" alt=\"\" srcset=\"https:\/\/obiektywnaphotography.pl\/wp-content\/uploads\/2025\/01\/C3A7507-2-2048x1367.jpg 2048w, https:\/\/obiektywnaphotography.pl\/wp-content\/uploads\/2025\/01\/C3A7507-2-300x200.jpg 300w, https:\/\/obiektywnaphotography.pl\/wp-content\/uploads\/2025\/01\/C3A7507-2-1024x684.jpg 1024w, https:\/\/obiektywnaphotography.pl\/wp-content\/uploads\/2025\/01\/C3A7507-2-768x513.jpg 768w, https:\/\/obiektywnaphotography.pl\/wp-content\/uploads\/2025\/01\/C3A7507-2-1536x1025.jpg 1536w\" sizes=\"auto, (max-width: 2048px) 100vw, 2048px\" \/>\t\t<\/div>\n\t\t\t\t<div class=\"elementor-portfolio-item__overlay\">\n\t\t\t\t<h3 class=\"elementor-portfolio-item__title\">\n\t\tKamila &amp; Janek &#8211; Hotel Bursztynowy Sen Stegna\t\t<\/h3>\n\t\t\t\t<\/div>\n\t\t\t\t<\/a>\n\t\t<\/article>\n\t\t\t\t<article class=\"elementor-portfolio-item elementor-post  post-8995 post type-post status-publish format-standard has-post-thumbnail hentry category-bez-kategorii\">\n\t\t\t<a class=\"elementor-post__thumbnail__link\" href=\"https:\/\/obiektywnaphotography.pl\/index.php\/2025\/01\/11\/ola-przemek-hotel-korona-kruki\/\">\n\t\t\t\t<div class=\"elementor-portfolio-item__img elementor-post__thumbnail\">\n\t\t\t<img loading=\"lazy\" decoding=\"async\" width=\"2048\" height=\"1365\" src=\"https:\/\/obiektywnaphotography.pl\/wp-content\/uploads\/2025\/01\/DSC7446-Poprawione-Szum-2048x1365.jpg\" class=\"attachment-2048x2048 size-2048x2048\" alt=\"\" srcset=\"https:\/\/obiektywnaphotography.pl\/wp-content\/uploads\/2025\/01\/DSC7446-Poprawione-Szum-2048x1365.jpg 2048w, https:\/\/obiektywnaphotography.pl\/wp-content\/uploads\/2025\/01\/DSC7446-Poprawione-Szum-300x200.jpg 300w, https:\/\/obiektywnaphotography.pl\/wp-content\/uploads\/2025\/01\/DSC7446-Poprawione-Szum-1024x683.jpg 1024w, https:\/\/obiektywnaphotography.pl\/wp-content\/uploads\/2025\/01\/DSC7446-Poprawione-Szum-768x512.jpg 768w, https:\/\/obiektywnaphotography.pl\/wp-content\/uploads\/2025\/01\/DSC7446-Poprawione-Szum-1536x1024.jpg 1536w\" sizes=\"auto, (max-width: 2048px) 100vw, 2048px\" \/>\t\t<\/div>\n\t\t\t\t<div class=\"elementor-portfolio-item__overlay\">\n\t\t\t\t<h3 class=\"elementor-portfolio-item__title\">\n\t\tOla &amp; Przemek &#8211; Hotel Korona Kruki\t\t<\/h3>\n\t\t\t\t<\/div>\n\t\t\t\t<\/a>\n\t\t<\/article>\n\t\t\t\t<article class=\"elementor-portfolio-item elementor-post  post-8755 post type-post status-publish format-standard has-post-thumbnail hentry category-bez-kategorii\">\n\t\t\t<a class=\"elementor-post__thumbnail__link\" href=\"https:\/\/obiektywnaphotography.pl\/index.php\/2025\/01\/09\/edyta-tomasz-weranda-rzeszow\/\">\n\t\t\t\t<div class=\"elementor-portfolio-item__img elementor-post__thumbnail\">\n\t\t\t<img loading=\"lazy\" decoding=\"async\" width=\"2048\" height=\"1247\" src=\"https:\/\/obiektywnaphotography.pl\/wp-content\/uploads\/2025\/01\/DSC2106-2-1-2048x1247.jpg\" class=\"attachment-2048x2048 size-2048x2048\" alt=\"\" srcset=\"https:\/\/obiektywnaphotography.pl\/wp-content\/uploads\/2025\/01\/DSC2106-2-1-2048x1247.jpg 2048w, https:\/\/obiektywnaphotography.pl\/wp-content\/uploads\/2025\/01\/DSC2106-2-1-300x183.jpg 300w, https:\/\/obiektywnaphotography.pl\/wp-content\/uploads\/2025\/01\/DSC2106-2-1-1024x624.jpg 1024w, https:\/\/obiektywnaphotography.pl\/wp-content\/uploads\/2025\/01\/DSC2106-2-1-768x468.jpg 768w, https:\/\/obiektywnaphotography.pl\/wp-content\/uploads\/2025\/01\/DSC2106-2-1-1536x935.jpg 1536w\" sizes=\"auto, (max-width: 2048px) 100vw, 2048px\" \/>\t\t<\/div>\n\t\t\t\t<div class=\"elementor-portfolio-item__overlay\">\n\t\t\t\t<h3 class=\"elementor-portfolio-item__title\">\n\t\tEdyta &amp; Tomasz &#8211; Weranda Rzesz\u00f3w\t\t<\/h3>\n\t\t\t\t<\/div>\n\t\t\t\t<\/a>\n\t\t<\/article>\n\t\t\t\t<article class=\"elementor-portfolio-item elementor-post  post-8580 post type-post status-publish format-standard has-post-thumbnail hentry category-bez-kategorii\">\n\t\t\t<a class=\"elementor-post__thumbnail__link\" href=\"https:\/\/obiektywnaphotography.pl\/index.php\/2025\/01\/09\/ania-przemek-stara-garbarnia\/\">\n\t\t\t\t<div class=\"elementor-portfolio-item__img elementor-post__thumbnail\">\n\t\t\t<img loading=\"lazy\" decoding=\"async\" width=\"2048\" height=\"1363\" src=\"https:\/\/obiektywnaphotography.pl\/wp-content\/uploads\/2025\/01\/DSC3134-2048x1363.jpg\" class=\"attachment-2048x2048 size-2048x2048\" alt=\"\" srcset=\"https:\/\/obiektywnaphotography.pl\/wp-content\/uploads\/2025\/01\/DSC3134-2048x1363.jpg 2048w, https:\/\/obiektywnaphotography.pl\/wp-content\/uploads\/2025\/01\/DSC3134-300x200.jpg 300w, https:\/\/obiektywnaphotography.pl\/wp-content\/uploads\/2025\/01\/DSC3134-1024x681.jpg 1024w, https:\/\/obiektywnaphotography.pl\/wp-content\/uploads\/2025\/01\/DSC3134-768x511.jpg 768w, https:\/\/obiektywnaphotography.pl\/wp-content\/uploads\/2025\/01\/DSC3134-1536x1022.jpg 1536w\" sizes=\"auto, (max-width: 2048px) 100vw, 2048px\" \/>\t\t<\/div>\n\t\t\t\t<div class=\"elementor-portfolio-item__overlay\">\n\t\t\t\t<h3 class=\"elementor-portfolio-item__title\">\n\t\tAnia &amp; Przemek &#8211; Stara Garbarnia\t\t<\/h3>\n\t\t\t\t<\/div>\n\t\t\t\t<\/a>\n\t\t<\/article>\n\t\t\t\t<article class=\"elementor-portfolio-item elementor-post  post-7422 post type-post status-publish format-standard has-post-thumbnail hentry category-bez-kategorii\">\n\t\t\t<a class=\"elementor-post__thumbnail__link\" href=\"https:\/\/obiektywnaphotography.pl\/index.php\/2023\/11\/21\/malwina-rafal-w-szczerym-polu\/\">\n\t\t\t\t<div class=\"elementor-portfolio-item__img elementor-post__thumbnail\">\n\t\t\t<img loading=\"lazy\" decoding=\"async\" width=\"2048\" height=\"1367\" src=\"https:\/\/obiektywnaphotography.pl\/wp-content\/uploads\/2023\/11\/C3A5760-2-2048x1367.jpg\" class=\"attachment-2048x2048 size-2048x2048\" alt=\"\" srcset=\"https:\/\/obiektywnaphotography.pl\/wp-content\/uploads\/2023\/11\/C3A5760-2-2048x1367.jpg 2048w, https:\/\/obiektywnaphotography.pl\/wp-content\/uploads\/2023\/11\/C3A5760-2-300x200.jpg 300w, https:\/\/obiektywnaphotography.pl\/wp-content\/uploads\/2023\/11\/C3A5760-2-1024x684.jpg 1024w, https:\/\/obiektywnaphotography.pl\/wp-content\/uploads\/2023\/11\/C3A5760-2-768x513.jpg 768w, https:\/\/obiektywnaphotography.pl\/wp-content\/uploads\/2023\/11\/C3A5760-2-1536x1025.jpg 1536w\" sizes=\"auto, (max-width: 2048px) 100vw, 2048px\" \/>\t\t<\/div>\n\t\t\t\t<div class=\"elementor-portfolio-item__overlay\">\n\t\t\t\t<h3 class=\"elementor-portfolio-item__title\">\n\t\tMalwina &#038; Rafa\u0142 &#8211; W Szczerym Polu\t\t<\/h3>\n\t\t\t\t<\/div>\n\t\t\t\t<\/a>\n\t\t<\/article>\n\t\t\t\t<article class=\"elementor-portfolio-item elementor-post  post-6825 post type-post status-publish format-standard has-post-thumbnail hentry category-bez-kategorii\">\n\t\t\t<a class=\"elementor-post__thumbnail__link\" href=\"https:\/\/obiektywnaphotography.pl\/index.php\/2023\/10\/24\/aleksandra-marcin-romeo-i-julia-szczyrk\/\">\n\t\t\t\t<div class=\"elementor-portfolio-item__img elementor-post__thumbnail\">\n\t\t\t<img loading=\"lazy\" decoding=\"async\" width=\"2048\" height=\"1367\" src=\"https:\/\/obiektywnaphotography.pl\/wp-content\/uploads\/2023\/10\/C3A8596-6-2048x1367.jpg\" class=\"attachment-2048x2048 size-2048x2048\" alt=\"\" srcset=\"https:\/\/obiektywnaphotography.pl\/wp-content\/uploads\/2023\/10\/C3A8596-6-2048x1367.jpg 2048w, https:\/\/obiektywnaphotography.pl\/wp-content\/uploads\/2023\/10\/C3A8596-6-300x200.jpg 300w, https:\/\/obiektywnaphotography.pl\/wp-content\/uploads\/2023\/10\/C3A8596-6-1024x684.jpg 1024w, https:\/\/obiektywnaphotography.pl\/wp-content\/uploads\/2023\/10\/C3A8596-6-768x513.jpg 768w, https:\/\/obiektywnaphotography.pl\/wp-content\/uploads\/2023\/10\/C3A8596-6-1536x1025.jpg 1536w\" sizes=\"auto, (max-width: 2048px) 100vw, 2048px\" \/>\t\t<\/div>\n\t\t\t\t<div class=\"elementor-portfolio-item__overlay\">\n\t\t\t\t<h3 class=\"elementor-portfolio-item__title\">\n\t\tAleksandra &#038; Marcin &#8211; Romeo i Julia Szczyrk\t\t<\/h3>\n\t\t\t\t<\/div>\n\t\t\t\t<\/a>\n\t\t<\/article>\n\t\t\t\t<article class=\"elementor-portfolio-item elementor-post  post-6571 post type-post status-publish format-standard has-post-thumbnail hentry category-bez-kategorii\">\n\t\t\t<a class=\"elementor-post__thumbnail__link\" href=\"https:\/\/obiektywnaphotography.pl\/index.php\/2023\/10\/24\/slub-natalii-i-radka-debowe-zacisze\/\">\n\t\t\t\t<div class=\"elementor-portfolio-item__img elementor-post__thumbnail\">\n\t\t\t<img loading=\"lazy\" decoding=\"async\" width=\"2048\" height=\"1367\" src=\"https:\/\/obiektywnaphotography.pl\/wp-content\/uploads\/2023\/10\/C3A5955-Poprawione-Szum-3-2-2048x1367.jpg\" class=\"attachment-2048x2048 size-2048x2048\" alt=\"\" srcset=\"https:\/\/obiektywnaphotography.pl\/wp-content\/uploads\/2023\/10\/C3A5955-Poprawione-Szum-3-2-2048x1367.jpg 2048w, https:\/\/obiektywnaphotography.pl\/wp-content\/uploads\/2023\/10\/C3A5955-Poprawione-Szum-3-2-300x200.jpg 300w, https:\/\/obiektywnaphotography.pl\/wp-content\/uploads\/2023\/10\/C3A5955-Poprawione-Szum-3-2-1024x684.jpg 1024w, https:\/\/obiektywnaphotography.pl\/wp-content\/uploads\/2023\/10\/C3A5955-Poprawione-Szum-3-2-768x513.jpg 768w, https:\/\/obiektywnaphotography.pl\/wp-content\/uploads\/2023\/10\/C3A5955-Poprawione-Szum-3-2-1536x1025.jpg 1536w\" sizes=\"auto, (max-width: 2048px) 100vw, 2048px\" \/>\t\t<\/div>\n\t\t\t\t<div class=\"elementor-portfolio-item__overlay\">\n\t\t\t\t<h3 class=\"elementor-portfolio-item__title\">\n\t\t\u015alub Natalii i Radka &#8211; D\u0119bowe Zacisze\t\t<\/h3>\n\t\t\t\t<\/div>\n\t\t\t\t<\/a>\n\t\t<\/article>\n\t\t\t\t<article class=\"elementor-portfolio-item elementor-post  post-6062 post type-post status-publish format-standard has-post-thumbnail hentry category-bez-kategorii\">\n\t\t\t<a class=\"elementor-post__thumbnail__link\" href=\"https:\/\/obiektywnaphotography.pl\/index.php\/2023\/10\/23\/slub-karoliny-daniela-metalurgia\/\">\n\t\t\t\t<div class=\"elementor-portfolio-item__img elementor-post__thumbnail\">\n\t\t\t<img loading=\"lazy\" decoding=\"async\" width=\"2048\" height=\"1367\" src=\"https:\/\/obiektywnaphotography.pl\/wp-content\/uploads\/2023\/10\/DSC6609-2048x1367.jpg\" class=\"attachment-2048x2048 size-2048x2048\" alt=\"\" srcset=\"https:\/\/obiektywnaphotography.pl\/wp-content\/uploads\/2023\/10\/DSC6609-2048x1367.jpg 2048w, https:\/\/obiektywnaphotography.pl\/wp-content\/uploads\/2023\/10\/DSC6609-300x200.jpg 300w, https:\/\/obiektywnaphotography.pl\/wp-content\/uploads\/2023\/10\/DSC6609-1024x684.jpg 1024w, https:\/\/obiektywnaphotography.pl\/wp-content\/uploads\/2023\/10\/DSC6609-768x513.jpg 768w, https:\/\/obiektywnaphotography.pl\/wp-content\/uploads\/2023\/10\/DSC6609-1536x1025.jpg 1536w\" sizes=\"auto, (max-width: 2048px) 100vw, 2048px\" \/>\t\t<\/div>\n\t\t\t\t<div class=\"elementor-portfolio-item__overlay\">\n\t\t\t\t<h3 class=\"elementor-portfolio-item__title\">\n\t\t\u015alub Karoliny &#038; Daniela &#8211; Metalurgia\t\t<\/h3>\n\t\t\t\t<\/div>\n\t\t\t\t<\/a>\n\t\t<\/article>\n\t\t\t\t<\/div>\n\t\t\t\t<\/div>\n\t\t\t\t<\/div>\n\t\t\t\t\t<\/div>\n\t\t<\/div>\n\t\t\t\t\t\t\t<\/div>\n\t\t<\/section>\n\t\t\t\t\t\t<\/div>\n\t\t\t\t\t<\/div>\n\t\t","protected":false},"excerpt":{"rendered":"<p>Galeria &#8211; Reporta\u017c \u015alubny Reporta\u017c \u015alubny to dla nas kategoria szczeg\u00f3lnie wyj\u0105tkowa. Tak samo jak Wam, zale\u017cy nam na uchwyceniu ka\u017cdej najwa\u017cniejszej chwili tego dnia. Stoj\u0105c dyskretnie za obiektywem \u0142apiemy czu\u0142e poca\u0142unki, nie\u015bmia\u0142e \u0142zy, u\u015bmiech skierowany ukradkiemdo siebie nawzajem oraz chwile szale\u0144stwa i romantyzmu na parkiecie.Gwarantujemy Wam, \u017ce ogl\u0105daj\u0105c nasze zdj\u0119cia wr\u00f3cicie my\u015blami do tamtych &hellip;<\/p>\n<p class=\"read-more\"> <a class=\"\" href=\"https:\/\/obiektywnaphotography.pl\/index.php\/2023\/10\/23\/slub-karoliny-daniela-metalurgia\/\"> <span class=\"screen-reader-text\">\u015alub Karoliny &#038; Daniela &#8211; Metalurgia<\/span> Read More &raquo;<\/a><\/p>\n","protected":false},"author":1,"featured_media":7597,"parent":0,"menu_order":0,"comment_status":"closed","ping_status":"closed","template":"","meta":{"_monsterinsights_skip_tracking":false,"_monsterinsights_sitenote_active":false,"_monsterinsights_sitenote_note":"","_monsterinsights_sitenote_category":0,"site-sidebar-layout":"no-sidebar","site-content-layout":"page-builder","ast-main-header-display":"","ast-hfb-above-header-display":"","ast-hfb-below-header-display":"","ast-hfb-mobile-header-display":"","site-post-title":"disabled","ast-breadcrumbs-content":"","ast-featured-img":"disabled","footer-sml-layout":"","theme-transparent-header-meta":"enabled","adv-header-id-meta":"","stick-header-meta":"","header-above-stick-meta":"","header-main-stick-meta":"","header-below-stick-meta":"","footnotes":""},"class_list":["post-3631","page","type-page","status-publish","has-post-thumbnail","hentry"],"yoast_head":"<!-- This site is optimized with the Yoast SEO plugin v16.1.1 - https:\/\/yoast.com\/wordpress\/plugins\/seo\/ -->\n<title>Reporta\u017c \u015alubny | Obiektywna Photography | Fotograf \u0141\u00f3dzkie<\/title>\n<meta name=\"description\" content=\"Szukacie fotografa, kt\u00f3ry uwieczni dla Was wyj\u0105tkowe chwile z tego dnia? Sprawd\u017acie moj\u0105 ofert\u0119 reporta\u017cu \u015blubnego, skontaktujcie si\u0119 ze mn\u0105!\" \/>\n<link rel=\"canonical\" href=\"https:\/\/obiektywnaphotography.pl\/index.php\/galeria-reportaz-slubny\/\" \/>\n<meta property=\"og:locale\" content=\"pl_PL\" \/>\n<meta property=\"og:type\" content=\"article\" \/>\n<meta property=\"og:title\" content=\"Reporta\u017c \u015alubny | Obiektywna Photography | Fotograf \u0141\u00f3dzkie\" \/>\n<meta property=\"og:description\" content=\"Szukacie fotografa, kt\u00f3ry uwieczni dla Was wyj\u0105tkowe chwile z tego dnia? Sprawd\u017acie moj\u0105 ofert\u0119 reporta\u017cu \u015blubnego, skontaktujcie si\u0119 ze mn\u0105!\" \/>\n<meta property=\"og:url\" content=\"https:\/\/obiektywnaphotography.pl\/index.php\/galeria-reportaz-slubny\/\" \/>\n<meta property=\"article:publisher\" content=\"https:\/\/www.facebook.com\/obiektywna.photography\" \/>\n<meta property=\"article:modified_time\" content=\"2025-01-12T15:59:11+00:00\" \/>\n<meta property=\"og:image\" content=\"https:\/\/obiektywnaphotography.pl\/wp-content\/uploads\/2024\/05\/C3A9955-1-scaled-1.jpg\" \/>\n\t<meta property=\"og:image:width\" content=\"2560\" \/>\n\t<meta property=\"og:image:height\" content=\"1709\" \/>\n<meta name=\"twitter:card\" content=\"summary_large_image\" \/>\n<meta name=\"twitter:label1\" content=\"Szacowany czas czytania\">\n\t<meta name=\"twitter:data1\" content=\"4 minuty\">\n<script type=\"application\/ld+json\" class=\"yoast-schema-graph\">{\"@context\":\"https:\/\/schema.org\",\"@graph\":[{\"@type\":\"Organization\",\"@id\":\"https:\/\/obiektywnaphotography.pl\/#organization\",\"name\":\"Obiektywna Photography\",\"url\":\"https:\/\/obiektywnaphotography.pl\/\",\"sameAs\":[\"https:\/\/www.facebook.com\/obiektywna.photography\",\"https:\/\/www.instagram.com\/obiektywna_photography\/\"],\"logo\":{\"@type\":\"ImageObject\",\"@id\":\"https:\/\/obiektywnaphotography.pl\/#logo\",\"inLanguage\":\"pl-PL\",\"url\":\"https:\/\/obiektywnaphotography.pl\/wp-content\/uploads\/2020\/09\/cropped-obiektywna.png\",\"contentUrl\":\"https:\/\/obiektywnaphotography.pl\/wp-content\/uploads\/2020\/09\/cropped-obiektywna.png\",\"width\":831,\"height\":277,\"caption\":\"Obiektywna Photography\"},\"image\":{\"@id\":\"https:\/\/obiektywnaphotography.pl\/#logo\"}},{\"@type\":\"WebSite\",\"@id\":\"https:\/\/obiektywnaphotography.pl\/#website\",\"url\":\"https:\/\/obiektywnaphotography.pl\/\",\"name\":\"Obiektywna Photography - Fotografia \\u015blubna i okoliczno\\u015bciowa\",\"description\":\"Autentyczne, pe\\u0142ne emocji reporta\\u017ce \\u015blubne.\",\"publisher\":{\"@id\":\"https:\/\/obiektywnaphotography.pl\/#organization\"},\"potentialAction\":[{\"@type\":\"SearchAction\",\"target\":\"https:\/\/obiektywnaphotography.pl\/?s={search_term_string}\",\"query-input\":\"required name=search_term_string\"}],\"inLanguage\":\"pl-PL\"},{\"@type\":\"ImageObject\",\"@id\":\"https:\/\/obiektywnaphotography.pl\/index.php\/galeria-reportaz-slubny\/#primaryimage\",\"inLanguage\":\"pl-PL\",\"url\":\"https:\/\/obiektywnaphotography.pl\/wp-content\/uploads\/2024\/05\/C3A9955-1-scaled-1.jpg\",\"contentUrl\":\"https:\/\/obiektywnaphotography.pl\/wp-content\/uploads\/2024\/05\/C3A9955-1-scaled-1.jpg\",\"width\":2560,\"height\":1709},{\"@type\":\"WebPage\",\"@id\":\"https:\/\/obiektywnaphotography.pl\/index.php\/galeria-reportaz-slubny\/#webpage\",\"url\":\"https:\/\/obiektywnaphotography.pl\/index.php\/galeria-reportaz-slubny\/\",\"name\":\"Reporta\\u017c \\u015alubny | Obiektywna Photography | Fotograf \\u0141\\u00f3dzkie\",\"isPartOf\":{\"@id\":\"https:\/\/obiektywnaphotography.pl\/#website\"},\"primaryImageOfPage\":{\"@id\":\"https:\/\/obiektywnaphotography.pl\/index.php\/galeria-reportaz-slubny\/#primaryimage\"},\"datePublished\":\"2022-03-30T08:43:02+00:00\",\"dateModified\":\"2025-01-12T15:59:11+00:00\",\"description\":\"Szukacie fotografa, kt\\u00f3ry uwieczni dla Was wyj\\u0105tkowe chwile z tego dnia? Sprawd\\u017acie moj\\u0105 ofert\\u0119 reporta\\u017cu \\u015blubnego, skontaktujcie si\\u0119 ze mn\\u0105!\",\"breadcrumb\":{\"@id\":\"https:\/\/obiektywnaphotography.pl\/index.php\/galeria-reportaz-slubny\/#breadcrumb\"},\"inLanguage\":\"pl-PL\",\"potentialAction\":[{\"@type\":\"ReadAction\",\"target\":[\"https:\/\/obiektywnaphotography.pl\/index.php\/galeria-reportaz-slubny\/\"]}]},{\"@type\":\"BreadcrumbList\",\"@id\":\"https:\/\/obiektywnaphotography.pl\/index.php\/galeria-reportaz-slubny\/#breadcrumb\",\"itemListElement\":[{\"@type\":\"ListItem\",\"position\":1,\"item\":{\"@type\":\"WebPage\",\"@id\":\"https:\/\/obiektywnaphotography.pl\/\",\"url\":\"https:\/\/obiektywnaphotography.pl\/\",\"name\":\"Strona g\\u0142\\u00f3wna\"}},{\"@type\":\"ListItem\",\"position\":2,\"item\":{\"@type\":\"WebPage\",\"@id\":\"https:\/\/obiektywnaphotography.pl\/index.php\/galeria-reportaz-slubny\/\",\"url\":\"https:\/\/obiektywnaphotography.pl\/index.php\/galeria-reportaz-slubny\/\",\"name\":\"Reporta\\u017c \\u015alubny\"}}]}]}<\/script>\n<!-- \/ Yoast SEO plugin. -->","_links":{"self":[{"href":"https:\/\/obiektywnaphotography.pl\/index.php\/wp-json\/wp\/v2\/pages\/3631","targetHints":{"allow":["GET"]}}],"collection":[{"href":"https:\/\/obiektywnaphotography.pl\/index.php\/wp-json\/wp\/v2\/pages"}],"about":[{"href":"https:\/\/obiektywnaphotography.pl\/index.php\/wp-json\/wp\/v2\/types\/page"}],"author":[{"embeddable":true,"href":"https:\/\/obiektywnaphotography.pl\/index.php\/wp-json\/wp\/v2\/users\/1"}],"replies":[{"embeddable":true,"href":"https:\/\/obiektywnaphotography.pl\/index.php\/wp-json\/wp\/v2\/comments?post=3631"}],"version-history":[{"count":29,"href":"https:\/\/obiektywnaphotography.pl\/index.php\/wp-json\/wp\/v2\/pages\/3631\/revisions"}],"predecessor-version":[{"id":10471,"href":"https:\/\/obiektywnaphotography.pl\/index.php\/wp-json\/wp\/v2\/pages\/3631\/revisions\/10471"}],"wp:featuredmedia":[{"embeddable":true,"href":"https:\/\/obiektywnaphotography.pl\/index.php\/wp-json\/wp\/v2\/media\/7597"}],"wp:attachment":[{"href":"https:\/\/obiektywnaphotography.pl\/index.php\/wp-json\/wp\/v2\/media?parent=3631"}],"curies":[{"name":"wp","href":"https:\/\/api.w.org\/{rel}","templated":true}]}}