{"id":1643,"date":"2021-01-09T15:37:37","date_gmt":"2021-01-09T14:37:37","guid":{"rendered":"https:\/\/obiektywnaphotography.pl\/?page_id=1643"},"modified":"2021-01-09T15:37:37","modified_gmt":"2021-01-09T14:37:37","slug":"polityka-prywatnosci-i-pliki-cookies-2","status":"publish","type":"page","link":"https:\/\/obiektywnaphotography.pl\/index.php\/polityka-prywatnosci-i-pliki-cookies-2\/","title":{"rendered":"Polityka prywatno\u015bci i pliki cookies"},"content":{"rendered":"\n<p><strong>Polityka prywatno\u015bci<\/strong><\/p>\n\n\n\n<p>Polityka prywatno\u015bci serwisu www.obiektywnaphotography.pl<\/p>\n\n\n\n<ol class=\"wp-block-list\" type=\"1\"><li>Informacje og\u00f3lne<\/li><\/ol>\n\n\n\n<p>Niniejsza Polityka Prywatno\u015bci okre\u015bla zasady przetwarzania i ochrony danych osobowych przekazanych przez U\u017cytkownik\u00f3w w zwi\u0105zku z korzystaniem przez nich z us\u0142ug fotograficznych poprzez Serwis.<\/p>\n\n\n\n<p>2. Administratorem danych osobowych zawartych w serwisie jest<\/p>\n\n\n\n<p>Kamila Zab\u0142ocka&nbsp; z siedzib\u0105 w Konstantynowie \u0141\u00f3dzkim, ul. Kopernika 38\/27&nbsp; NIP <strong>7312069235 <\/strong>.REGON <strong>3868477923<\/strong>. W trosce o bezpiecze\u0144stwo powierzonych nam danych opracowali\u015bmy wewn\u0119trzne procedury i zalecenia, kt\u00f3re maj\u0105 zapobiec udost\u0119pnieniu danych osobom nieupowa\u017cnionym. Kontrolujemy ich wykonywanie i stale sprawdzamy ich zgodno\u015b\u0107 z odpowiednimi aktami prawnymi &#8211; ustaw\u0105 o ochronie danych osobowych, ustaw\u0105 o \u015bwiadczeniu us\u0142ug drog\u0105 elektroniczn\u0105, a tak\u017ce wszelkiego rodzaju aktach wykonawczych i aktach prawa wsp\u00f3lnotowego.<\/p>\n\n\n\n<p>4. Dane Osobowe przetwarzane s\u0105 na podstawie zgody wyra\u017canej przez U\u017cytkownika oraz w przypadkach, w kt\u00f3rych przepisy prawa upowa\u017cniaj\u0105 Administratora do przetwarzania danych osobowych na podstawie przepis\u00f3w prawa lub w celu realizacji zawartej pomi\u0119dzy stronami umowy.<\/p>\n\n\n\n<p>5. Administrator przetwarza dane osobowe U\u017cytkownika w celu:<\/p>\n\n\n\n<ol class=\"wp-block-list\" type=\"a\"><li>Odpowiadania na wiadomo\u015bci i zapytania dot. Us\u0142ug fotograficznych kierowane poprzez formularz kontaktowy<\/li><li>Zliczanie statystyk dot. Odwiedzin strony<\/li><li>Autoryzacja zdj\u0119\u0107 publikowanych na stronie i blogu<\/li><li>Zawieranie wa\u017cnych w \u015bwietle prawa um\u00f3w o \u015bwiadczenie us\u0142ug fotograficznych<\/li><li>Wykonanie postanowie\u0144 umowy<\/li><\/ol>\n\n\n\n<p>5. Serwis realizuje funkcje pozyskiwania informacji o u\u017cytkownikach i ich zachowaniach w nast\u0119puj\u0105cy spos\u00f3b:<\/p>\n\n\n\n<ol class=\"wp-block-list\" type=\"a\"><li>poprzez dobrowolnie wprowadzone w formularzach informacje<\/li><li>poprzez gromadzenie plik\u00f3w \u201ccookies\u201d [patrz polityka plik\u00f3w \u201ccookies\u201d].<\/li><\/ol>\n\n\n\n<p>6. Serwis zbiera informacje dobrowolnie podane przez u\u017cytkownika.<\/p>\n\n\n\n<p>7. dane podane w formularzu s\u0105 przetwarzane w celu wynikaj\u0105cym z funkcji konkretnego formularza np. w celu dokonania procesu obs\u0142ugi kontaktu informacyjnego<\/p>\n\n\n\n<p>8. Dane osobowe pozostawione w serwisie nie zostan\u0105 sprzedane ani udost\u0119pnione osobom trzecim, zgodnie z przepisami Ustawy o ochronie danych osobowych.<\/p>\n\n\n\n<p>9. Do danych zawartych w formularzu przys\u0142uguje wgl\u0105d osobie fizycznej, kt\u00f3ra je tam umie\u015bci\u0142a. Osoba ta ma r\u00f3wnie\u017c praw do modyfikacji i zaprzestania przetwarzania swoich danych w dowolnym momencie.<\/p>\n\n\n\n<p>10. Zastrzegamy sobie prawo do zmiany w polityce ochrony prywatno\u015bci serwisu, na kt\u00f3re mo\u017ce wp\u0142yn\u0105\u0107 rozw\u00f3j technologii internetowej, ewentualne zmiany prawa w zakresie ochrony danych osobowych oraz rozw\u00f3j naszego serwisu internetowego. O wszelkich zmianach b\u0119dziemy informowa\u0107 w spos\u00f3b widoczny i zrozumia\u0142y.<\/p>\n\n\n\n<p>11. W Serwisie mog\u0105 pojawia\u0107 si\u0119 linki do innych stron internetowych. Takie strony internetowe dzia\u0142aj\u0105 niezale\u017cnie od Serwisu i nie s\u0105 w \u017caden spos\u00f3b nadzorowane przez serwis www.obiektywnaphotography.pl Strony te mog\u0105 posiada\u0107 w\u0142asne polityki dotycz\u0105ce prywatno\u015bci oraz regulaminy, z kt\u00f3rymi zalecamy si\u0119 zapozna\u0107.<\/p>\n\n\n\n<p>W razie w\u0105tpliwo\u015bci co kt\u00f3regokolwiek z zapis\u00f3w niniejszej polityki prywatno\u015bci jeste\u015bmy do dyspozycji &#8211; nasze dane znale\u017a\u0107 mo\u017cna w zak\u0142adce &#8211; KONTAKT.<\/p>\n\n\n\n<p><strong>Informacja o cookies<\/strong><\/p>\n\n\n\n<p>Polityka plik\u00f3w \u201ccookies\u201d serwisu www.obiektywnaphotograpy.pl<\/p>\n\n\n\n<ol class=\"wp-block-list\" type=\"1\"><li>Poprzez piki \u201ccookies\u201d nale\u017cy rozumie\u0107 dane informatyczne przechowywane w urz\u0105dzeniach ko\u0144cowych u\u017cytkownik\u00f3w, przeznaczone do korzystania ze stron internetowych. W szczeg\u00f3lno\u015bci s\u0105 to pliki tekstowe, zawieraj\u0105ce nazw\u0119 strony internetowej, z kt\u00f3rej pochodz\u0105, czas przechowywania ich na urz\u0105dzeniu ko\u0144cowym oraz unikalny numer.<\/li><li>Serwis nie zbiera w spos\u00f3b automatyczny \u017cadnych informacji, z wyj\u0105tkiem informacji zawartych w plikach cookies.<\/li><li>Pliki cookies przeznaczone s\u0105 do korzystania ze stron serwisu. Operator wykorzystuje te pliki do:<\/li><li>mo\u017cliwo\u015bci logowania i utrzymywania sesji u\u017cytkownika na ka\u017cdej kolejnej stronie serwisu<\/li><li>dopasowania zawarto\u015bci strony internetowej do indywidualnych preferencji u\u017cytkownika, przede wszystkim pliki te rozpoznaj\u0105 jego urz\u0105dzenie, aby zgodnie z jego preferencjami wy\u015bwietli\u0107 stron\u0119<\/li><li>do tworzenia anonimowych statystyk z wy\u0142\u0105czeniem mo\u017cliwo\u015bci identyfikacji u\u017cytkownika.<\/li><\/ol>\n\n\n\n<p>4. Pliki cookies wykorzystywane przez partner\u00f3w operatora strony internetowej, w tym w szczeg\u00f3lno\u015bci u\u017cytkownik\u00f3w strony internetowej, podlegaj\u0105 ich w\u0142asnej polityce prywatno\u015bci.<\/p>\n\n\n\n<p>5. W trosce o bezpiecze\u0144stwo powierzonych nam danych opracowali\u015bmy wewn\u0119trzne procedury i zalecenia, kt\u00f3re maj\u0105 zapobiec udost\u0119pnieniu danych osobom nieupowa\u017cnionym. Kontrolujemy ich wykonywanie i stale sprawdzamy ich zgodno\u015b\u0107 z odpowiednimi aktami prawnymi &#8211; ustaw\u0105 o ochronie danych osobowych, ustaw\u0105 o \u015bwiadczeniu us\u0142ug drog\u0105 elektroniczn\u0105, a tak\u017ce wszelkiego rodzaju aktach wykonawczych i aktach prawa wsp\u00f3lnotowego<\/p>\n\n\n\n<p>6. Standardowo oprogramowanie s\u0142u\u017c\u0105ce do przegl\u0105dania stron internetowych domy\u015blnie dopuszcza umieszczanie plik\u00f3w cookies na urz\u0105dzeniu ko\u0144cowym U\u017cytkownika. Ustawienia te mog\u0105 zosta\u0107 zmienione przez U\u017cytkownika w taki spos\u00f3b, aby blokowa\u0107 automatyczn\u0105 obs\u0142ug\u0119 \u201ccookies\u201d w ustawieniach przegl\u0105darki internetowej b\u0105d\u017a informowa\u0107 o ich ka\u017cdorazowym przes\u0142aniu na urz\u0105dzenia u\u017cytkownika.<\/p>\n\n\n\n<p>7. U\u017cytkownicy Serwisu mog\u0105 dokona\u0107 w ka\u017cdym czasie zmiany ustawie\u0144 dotycz\u0105cych plik\u00f3w cookies. Szczeg\u00f3\u0142owe informacje o mo\u017cliwo\u015bci i sposobach obs\u0142ugi plik\u00f3w cookies dost\u0119pne s\u0105 w ustawieniach oprogramowania (przegl\u0105darki internetowej).<\/p>\n\n\n\n<p>&nbsp;&nbsp;&nbsp;&nbsp; Przyk\u0142adowe opcje edytowania w popularnych przegl\u0105darkach:<\/p>\n\n\n\n<ul class=\"wp-block-list\"><li>Mozilla Firefox:<a href=\"http:\/\/www.support.mozilla.org\/pl\/kb\/ciasteczka\"> <\/a><a href=\"http:\/\/www.support.mozilla.org\/pl\/kb\/ciasteczka\">www.support.mozilla.org\/pl\/kb\/ciasteczka<\/a><\/li><li>Internet Explorer:<a href=\"http:\/\/www.support.microsoft.com\/kb\/278835\/pl\"> <\/a><a href=\"http:\/\/www.support.microsoft.com\/kb\/278835\/pl\">www.support.microsoft.com\/kb\/278835\/pl<\/a><\/li><li>GoogleChrome:<br><a href=\"http:\/\/www.support.google.com\/chrome\/bin\/answer.py?hl=pl&amp;answer=95647\">&nbsp;<\/a><a href=\"http:\/\/www.support.google.com\/chrome\/bin\/answer.py?hl=pl&amp;answer=95647\">www.support.google.com\/chrome\/bin\/answer.py?hl=pl&amp;answer=95647<\/a><\/li><li>Safari:<a href=\"http:\/\/www.safari.helpmax.net\/pl\/oszczedzanie-czasu\/blokowanie-zawartosci\/\"> <\/a><a href=\"http:\/\/www.safari.helpmax.net\/pl\/oszczedzanie-czasu\/blokowanie-zawartosci\/\">www.safari.helpmax.net\/pl\/oszczedzanie-czasu\/blokowanie-zawartosci\/<\/a><\/li><\/ul>\n\n\n\n<p>8. Operator Serwisu informuje, \u017ce zmiany ustawie\u0144 w przegl\u0105darce internetowej u\u017cytkownika mog\u0105 uniemo\u017cliwi\u0107 poprawne dzia\u0142anie Stron Internetowych.<\/p>\n","protected":false},"excerpt":{"rendered":"<p>Polityka prywatno\u015bci Polityka prywatno\u015bci serwisu www.obiektywnaphotography.pl Informacje og\u00f3lne Niniejsza Polityka Prywatno\u015bci okre\u015bla zasady przetwarzania i ochrony danych osobowych przekazanych przez U\u017cytkownik\u00f3w w zwi\u0105zku z korzystaniem przez nich z us\u0142ug fotograficznych poprzez Serwis. 2. Administratorem danych osobowych zawartych w serwisie jest Kamila Zab\u0142ocka&nbsp; z siedzib\u0105 w Konstantynowie \u0141\u00f3dzkim, ul. Kopernika 38\/27&nbsp; NIP 7312069235 .REGON 3868477923. W &hellip;<\/p>\n<p class=\"read-more\"> <a class=\"\" href=\"https:\/\/obiektywnaphotography.pl\/index.php\/polityka-prywatnosci-i-pliki-cookies-2\/\"> <span class=\"screen-reader-text\">Polityka prywatno\u015bci i pliki cookies<\/span> Read More &raquo;<\/a><\/p>\n","protected":false},"author":1,"featured_media":0,"parent":0,"menu_order":0,"comment_status":"closed","ping_status":"closed","template":"","meta":{"_monsterinsights_skip_tracking":false,"_monsterinsights_sitenote_active":false,"_monsterinsights_sitenote_note":"","_monsterinsights_sitenote_category":0,"site-sidebar-layout":"default","site-content-layout":"default","ast-main-header-display":"","ast-hfb-above-header-display":"","ast-hfb-below-header-display":"","ast-hfb-mobile-header-display":"","site-post-title":"","ast-breadcrumbs-content":"","ast-featured-img":"","footer-sml-layout":"","theme-transparent-header-meta":"","adv-header-id-meta":"","stick-header-meta":"","header-above-stick-meta":"","header-main-stick-meta":"","header-below-stick-meta":"","footnotes":""},"class_list":["post-1643","page","type-page","status-publish","hentry"],"yoast_head":"<!-- This site is optimized with the Yoast SEO plugin v16.1.1 - https:\/\/yoast.com\/wordpress\/plugins\/seo\/ -->\n<title>Obiektywna Photography | Kamila Zab\u0142ocka | Fotograf \u0141\u00f3dzkie<\/title>\n<meta name=\"description\" content=\"Obiektywna Photography Kamila Zab\u0142ocka Fotograf \u0141\u00f3dzkie\" \/>\n<link rel=\"canonical\" href=\"https:\/\/obiektywnaphotography.pl\/index.php\/o-mnie__trashed\/polityka-prywatnosci-i-pliki-cookies-2\/\" \/>\n<meta property=\"og:locale\" content=\"pl_PL\" \/>\n<meta property=\"og:type\" content=\"article\" \/>\n<meta property=\"og:title\" content=\"Obiektywna Photography | Kamila Zab\u0142ocka | Fotograf \u0141\u00f3dzkie\" \/>\n<meta property=\"og:description\" content=\"Obiektywna Photography Kamila Zab\u0142ocka Fotograf \u0141\u00f3dzkie\" \/>\n<meta property=\"og:url\" content=\"https:\/\/obiektywnaphotography.pl\/index.php\/o-mnie__trashed\/polityka-prywatnosci-i-pliki-cookies-2\/\" \/>\n<meta property=\"article:publisher\" content=\"https:\/\/www.facebook.com\/obiektywna.photography\" \/>\n<meta name=\"twitter:card\" content=\"summary_large_image\" \/>\n<meta name=\"twitter:label1\" content=\"Szacowany czas czytania\">\n\t<meta name=\"twitter:data1\" content=\"4 minuty\">\n<script type=\"application\/ld+json\" class=\"yoast-schema-graph\">{\"@context\":\"https:\/\/schema.org\",\"@graph\":[{\"@type\":\"Organization\",\"@id\":\"https:\/\/obiektywnaphotography.pl\/#organization\",\"name\":\"Obiektywna Photography\",\"url\":\"https:\/\/obiektywnaphotography.pl\/\",\"sameAs\":[\"https:\/\/www.facebook.com\/obiektywna.photography\",\"https:\/\/www.instagram.com\/obiektywna_photography\/\"],\"logo\":{\"@type\":\"ImageObject\",\"@id\":\"https:\/\/obiektywnaphotography.pl\/#logo\",\"inLanguage\":\"pl-PL\",\"url\":\"https:\/\/obiektywnaphotography.pl\/wp-content\/uploads\/2020\/09\/cropped-obiektywna.png\",\"contentUrl\":\"https:\/\/obiektywnaphotography.pl\/wp-content\/uploads\/2020\/09\/cropped-obiektywna.png\",\"width\":831,\"height\":277,\"caption\":\"Obiektywna Photography\"},\"image\":{\"@id\":\"https:\/\/obiektywnaphotography.pl\/#logo\"}},{\"@type\":\"WebSite\",\"@id\":\"https:\/\/obiektywnaphotography.pl\/#website\",\"url\":\"https:\/\/obiektywnaphotography.pl\/\",\"name\":\"Obiektywna Photography - Fotografia \\u015blubna i okoliczno\\u015bciowa\",\"description\":\"Autentyczne, pe\\u0142ne emocji reporta\\u017ce \\u015blubne.\",\"publisher\":{\"@id\":\"https:\/\/obiektywnaphotography.pl\/#organization\"},\"potentialAction\":[{\"@type\":\"SearchAction\",\"target\":\"https:\/\/obiektywnaphotography.pl\/?s={search_term_string}\",\"query-input\":\"required name=search_term_string\"}],\"inLanguage\":\"pl-PL\"},{\"@type\":\"WebPage\",\"@id\":\"https:\/\/obiektywnaphotography.pl\/index.php\/o-mnie__trashed\/polityka-prywatnosci-i-pliki-cookies-2\/#webpage\",\"url\":\"https:\/\/obiektywnaphotography.pl\/index.php\/o-mnie__trashed\/polityka-prywatnosci-i-pliki-cookies-2\/\",\"name\":\"Obiektywna Photography | Kamila Zab\\u0142ocka | Fotograf \\u0141\\u00f3dzkie\",\"isPartOf\":{\"@id\":\"https:\/\/obiektywnaphotography.pl\/#website\"},\"datePublished\":\"2021-01-09T14:37:37+00:00\",\"dateModified\":\"2021-01-09T14:37:37+00:00\",\"description\":\"Obiektywna Photography Kamila Zab\\u0142ocka Fotograf \\u0141\\u00f3dzkie\",\"breadcrumb\":{\"@id\":\"https:\/\/obiektywnaphotography.pl\/index.php\/o-mnie__trashed\/polityka-prywatnosci-i-pliki-cookies-2\/#breadcrumb\"},\"inLanguage\":\"pl-PL\",\"potentialAction\":[{\"@type\":\"ReadAction\",\"target\":[\"https:\/\/obiektywnaphotography.pl\/index.php\/o-mnie__trashed\/polityka-prywatnosci-i-pliki-cookies-2\/\"]}]},{\"@type\":\"BreadcrumbList\",\"@id\":\"https:\/\/obiektywnaphotography.pl\/index.php\/o-mnie__trashed\/polityka-prywatnosci-i-pliki-cookies-2\/#breadcrumb\",\"itemListElement\":[{\"@type\":\"ListItem\",\"position\":1,\"item\":{\"@type\":\"WebPage\",\"@id\":\"https:\/\/obiektywnaphotography.pl\/\",\"url\":\"https:\/\/obiektywnaphotography.pl\/\",\"name\":\"Strona g\\u0142\\u00f3wna\"}},{\"@type\":\"ListItem\",\"position\":2,\"item\":{\"@type\":\"WebPage\",\"@id\":\"https:\/\/obiektywnaphotography.pl\/index.php\/o-mnie__trashed\/polityka-prywatnosci-i-pliki-cookies-2\/\",\"url\":\"https:\/\/obiektywnaphotography.pl\/index.php\/o-mnie__trashed\/polityka-prywatnosci-i-pliki-cookies-2\/\",\"name\":\"Polityka prywatno\\u015bci i pliki cookies\"}}]}]}<\/script>\n<!-- \/ Yoast SEO plugin. -->","_links":{"self":[{"href":"https:\/\/obiektywnaphotography.pl\/index.php\/wp-json\/wp\/v2\/pages\/1643","targetHints":{"allow":["GET"]}}],"collection":[{"href":"https:\/\/obiektywnaphotography.pl\/index.php\/wp-json\/wp\/v2\/pages"}],"about":[{"href":"https:\/\/obiektywnaphotography.pl\/index.php\/wp-json\/wp\/v2\/types\/page"}],"author":[{"embeddable":true,"href":"https:\/\/obiektywnaphotography.pl\/index.php\/wp-json\/wp\/v2\/users\/1"}],"replies":[{"embeddable":true,"href":"https:\/\/obiektywnaphotography.pl\/index.php\/wp-json\/wp\/v2\/comments?post=1643"}],"version-history":[{"count":1,"href":"https:\/\/obiektywnaphotography.pl\/index.php\/wp-json\/wp\/v2\/pages\/1643\/revisions"}],"predecessor-version":[{"id":1644,"href":"https:\/\/obiektywnaphotography.pl\/index.php\/wp-json\/wp\/v2\/pages\/1643\/revisions\/1644"}],"wp:attachment":[{"href":"https:\/\/obiektywnaphotography.pl\/index.php\/wp-json\/wp\/v2\/media?parent=1643"}],"curies":[{"name":"wp","href":"https:\/\/api.w.org\/{rel}","templated":true}]}}